{"id":2939,"date":"2020-03-05T16:52:10","date_gmt":"2020-03-05T22:52:10","guid":{"rendered":"http:\/\/revistamemoria.mx\/?page_id=2939"},"modified":"2020-06-09T17:13:55","modified_gmt":"2020-06-09T23:13:55","slug":"memoria273","status":"publish","type":"page","link":"https:\/\/revistamemoria.mx\/?page_id=2939","title":{"rendered":"MEMORIA 273"},"content":{"rendered":"\n<p><strong>N\u00famero 273. A\u00f1o 2020-1<\/strong><\/p>\n\n\n\n<div class=\"wp-block-image\"><figure class=\"alignleft size-large is-resized\"><img loading=\"lazy\" decoding=\"async\" src=\"https:\/\/revistamemoria.mx\/wp-content\/uploads\/2020\/03\/memo273.jpg\" alt=\"\" class=\"wp-image-2709\" width=\"338\" height=\"437\" srcset=\"https:\/\/revistamemoria.mx\/wp-content\/uploads\/2020\/03\/memo273.jpg 612w, https:\/\/revistamemoria.mx\/wp-content\/uploads\/2020\/03\/memo273-232x300.jpg 232w\" sizes=\"auto, (max-width: 338px) 100vw, 338px\" \/><\/figure><\/div>\n\n\n\n<p class=\"has-medium-font-size\"><strong>REBELIONES Y GOLPES<\/strong><\/p>\n\n\n\n<p><span style=\"font-weight: 600;\"><a href=\"https:\/\/revistamemoria.mx\/?p=2937\" title=\"REBELI\u00d3N POPULAR  EN CHILE\"><strong>REBELI\u00d3N POPULAR EN CHILE<\/strong><\/a><\/span><br>VIVIANA BRAVO<\/p>\n\n\n\n<p><span style=\"font-weight: 600;\"><a href=\"https:\/\/revistamemoria.mx\/?p=2935\" title=\"LA REVUELTA EN EL LABORATORIO NEOLIBERAL\"><strong>LA REVUELTA EN EL LABORATORIO NEOLIBERAL<\/strong><\/a><\/span><br>PIERINA FERRETI Y MIA DRAGNIC<\/p>\n\n\n\n<p><span style=\"font-weight: 600;\"><a href=\"https:\/\/revistamemoria.mx\/?p=2933\" title=\"\u00bfRUPTURA DEL \u201cCONSENSO NEOLIBERAL\u201d?\"><strong>\u00bfRUPTURA DEL CONSENSO NEOLIBERAL?<\/strong><\/a><\/span><br>ROBERTO VARGAS MU\u00d1OZ<\/p>\n\n\n\n<p class=\"has-text-align-left\"><span style=\"font-weight: 600;\"><a href=\"https:\/\/revistamemoria.mx\/?p=2929\" title=\"CHILE ANTE EL DESAF\u00cdO DE UNA NUEVA CONSTITUCI\u00d3N\"><strong>CHILE ANTE EL DESAFIO DE UNA NUEVA CONSTITUCI\u00d3N<\/strong><\/a><\/span><br>BERNARDO J. TORO VERA<\/p>\n\n\n\n<p class=\"has-text-align-left\"><span style=\"font-weight: 600;\"><a href=\"https:\/\/revistamemoria.mx\/?p=2927\" title=\"COLOMBIA \u00bfDE QU\u00c9 SON S\u00cdNTOMA LAS PROTESTAS SOCIALES?\"><strong>COLOMBIA \u00bfDE QU\u00c9 SON S\u00cdNTOMA LAS PROTESTAS?<\/strong><\/a><\/span><br>ANG\u00c9LICA MONTES<\/p>\n\n\n\n<p><span style=\"font-weight: 600;\"><a href=\"https:\/\/revistamemoria.mx\/?p=2925\" title=\"DEL PARO DE OCTUBRE A LA DISPUTA POR LA MEMORIA\"><strong>DEL PARO DE OCTUBRE&nbsp;A LA DISPUTA DE LA MEMORIA<\/strong><\/a><\/span><br>ALEJANDRA SANTILLANA ORTIZ<\/p>\n\n\n\n<p><span style=\"font-weight: 600;\"><a href=\"https:\/\/revistamemoria.mx\/?p=2923\" title=\"HAIT\u00cd DE LA REVOLUCI\u00d3N DE 1804 A LA CRISIS ACTUAL\"><strong>HAITI DE LA REVOLUCI\u00d3N&nbsp;DE 1804 A LA CRISIS ACTUAL<\/strong><\/a><\/span><br>DIANA CAROLINA ALFONSO Y LAUTARO RIVARA<\/p>\n\n\n\n<p><span style=\"font-weight: 600;\"><a href=\"https:\/\/revistamemoria.mx\/?p=2921\" title=\"EL VERANO PUERTORRIQUE\u00d1O\"><strong>EL VERANO PUERTORRIQUE\u00d1O<\/strong><\/a><\/span><br>MYRTA MORALES<\/p>\n\n\n\n<p><strong><a href=\"https:\/\/revistamemoria.mx\/?p=2919\" title=\"UN A\u00d1O DE BOLSONARO. EL RETROCESO CONSERVADOR\">UN A\u00d1O DE BOLSONARO. EL RETROCESO CONSERVADOR<\/a><\/strong><br>LUCAS MACHADO<\/p>\n\n\n\n<p><span style=\"font-weight: 600;\"><a href=\"https:\/\/revistamemoria.mx\/?p=2916\" title=\"BOLIVIA EL GOLPE\"><strong>BOLIVIA EL GOLPE<\/strong><\/a><\/span><br>REBECA PERALTA MARI\u00d1ELARENA Y RICARDO OROZCO<\/p>\n\n\n\n<p><span style=\"font-weight: 600;\"><a href=\"https:\/\/revistamemoria.mx\/?p=2914\" title=\"CONTRA LA NEUTRALIDAD  Y LA EQUIDISTANCIA  ANTE EL GOLPE\"><strong>CONTRA LA NEUTRALIDAD&nbsp;Y LA EQUIDISTANCIA&nbsp;ANTE EL GOLPE<\/strong><\/a><\/span><br>ALEJANDRO PEDREGAL<\/p>\n\n\n\n<p><span style=\"font-weight: 600;\"><a href=\"https:\/\/revistamemoria.mx\/?p=2912\" title=\"LO QUE ESCONDE EL GOLPE DE ESTADO\"><strong>LO QUE ESCONDE&nbsp;EL GOLPE DE ESTADO<\/strong><\/a><\/span><br>ENRIQUE JAVIER D\u00cdEZ GUTI\u00c9RREZ<\/p>\n\n\n\n<p class=\"has-medium-font-size\"><strong>M\u00c9XICO<\/strong><\/p>\n\n\n\n<p><a href=\"https:\/\/revistamemoria.mx\/?p=2910\" title=\"CRISIS  DE CRECIMIENTO EN EL PRIMER A\u00d1O\"><strong>CRISIS DE CRECIMIENTO<\/strong> <strong>EN EL PRIMER A\u00d1O<\/strong><\/a><br>JOSE CARLOS VALENZUELA FEIJ\u00d3O<\/p>\n\n\n\n<p><strong><a href=\"https:\/\/revistamemoria.mx\/?p=2908\" title=\"EL RETO, SUPERAR  EL NEOLIBERALISMO\">EL RETO, SUPERAR EL NEOLIBERALISMO<\/a><\/strong><br>JOSE GUADALUPE GANDARILLA<\/p>\n\n\n\n<p class=\"has-medium-font-size\"><strong>MUNDO<\/strong><\/p>\n\n\n\n<p><strong><a href=\"https:\/\/revistamemoria.mx\/?p=2906\" title=\"ESPA\u00d1A Y SU NUEVO \u201cGOBIERNO BOLIVARIANO\u201d\">ESPA\u00d1A Y SU NUEVO&nbsp;\u00abGOBIERNO BOLIVARIANO\u201d<\/a><\/strong><br>ARANTXA TIRADO S\u00c1NCHEZ<\/p>\n\n\n\n<p class=\"has-medium-font-size\"><strong>PENSAMIENTO CR\u00cdTICO<\/strong><\/p>\n\n\n\n<p><strong><a href=\"https:\/\/revistamemoria.mx\/?p=2904\" title=\"SER COMUNISTA EN TIEMPOS DE FIN DE MUNDO\">SER COMUNISTAS EN TIEMPOS&nbsp;DE FIN DE MUNDO<\/a><\/strong><br>DAVID PAV\u00d3N CU\u00c9LLAR<\/p>\n\n\n\n<p class=\"has-medium-font-size\"><strong>EMERGENCIA FEMINISTA<\/strong><\/p>\n\n\n\n<p><strong><a href=\"https:\/\/revistamemoria.mx\/?p=2902\" title=\"ANTES QUE HIST\u00c9RICAS, HIST\u00d3RICAS\">ANTES QUE HIST\u00c9RICAS, HIST\u00d3RICAS<\/a><\/strong><br>PAULA PROVENZANO<\/p>\n\n\n\n<p class=\"has-medium-font-size\"><strong>HACER MEMORIA<\/strong><\/p>\n\n\n\n<p><strong><a href=\"https:\/\/revistamemoria.mx\/?p=2900\" title=\"STONEWALL IMPORTA HOY\">STONEWALL IMPORTA HOY<\/a><\/strong><br>ANDY THAYER<\/p>\n\n\n\n<p class=\"has-medium-font-size\"><strong>LIBRERO<\/strong><\/p>\n\n\n\n<p><strong><a href=\"https:\/\/revistamemoria.mx\/?p=2898\" title=\"COYUNTURA\">COYUNTURA. CUESTIONES TE\u00d3RICAS Y POL\u00cdTICAS<\/a><\/strong><br>JAIME ORTEGA<\/p>\n\n\n\n<p><strong><a href=\"https:\/\/revistamemoria.mx\/?p=2896\" title=\"GALERIAS ROJAS\">GALERIAS ROJAS<\/a><\/strong><br>ALDO GUEVARA Y MAURO ESP\u00cdNDOLA<\/p>\n","protected":false},"excerpt":{"rendered":"<p>N\u00famero 273. A\u00f1o 2020-1 REBELIONES Y GOLPES REBELI\u00d3N POPULAR EN CHILEVIVIANA BRAVO LA REVUELTA EN EL LABORATORIO NEOLIBERALPIERINA FERRETI Y MIA DRAGNIC \u00bfRUPTURA DEL CONSENSO NEOLIBERAL?ROBERTO VARGAS MU\u00d1OZ CHILE ANTE EL DESAFIO DE UNA NUEVA CONSTITUCI\u00d3NBERNARDO J. TORO VERA COLOMBIA \u00bfDE QU\u00c9 SON S\u00cdNTOMA LAS PROTESTAS?ANG\u00c9LICA MONTES DEL PARO DE OCTUBRE&nbsp;A LA DISPUTA DE LA &#8230; <a title=\"MEMORIA 273\" class=\"read-more\" href=\"https:\/\/revistamemoria.mx\/?page_id=2939\" aria-label=\"Leer m\u00e1s sobre MEMORIA 273\">Leer m\u00e1s<\/a><\/p>\n","protected":false},"author":1,"featured_media":0,"parent":50,"menu_order":22,"comment_status":"closed","ping_status":"closed","template":"","meta":{"footnotes":""},"class_list":["post-2939","page","type-page","status-publish"],"_links":{"self":[{"href":"https:\/\/revistamemoria.mx\/index.php?rest_route=\/wp\/v2\/pages\/2939","targetHints":{"allow":["GET"]}}],"collection":[{"href":"https:\/\/revistamemoria.mx\/index.php?rest_route=\/wp\/v2\/pages"}],"about":[{"href":"https:\/\/revistamemoria.mx\/index.php?rest_route=\/wp\/v2\/types\/page"}],"author":[{"embeddable":true,"href":"https:\/\/revistamemoria.mx\/index.php?rest_route=\/wp\/v2\/users\/1"}],"replies":[{"embeddable":true,"href":"https:\/\/revistamemoria.mx\/index.php?rest_route=%2Fwp%2Fv2%2Fcomments&post=2939"}],"version-history":[{"count":6,"href":"https:\/\/revistamemoria.mx\/index.php?rest_route=\/wp\/v2\/pages\/2939\/revisions"}],"predecessor-version":[{"id":2956,"href":"https:\/\/revistamemoria.mx\/index.php?rest_route=\/wp\/v2\/pages\/2939\/revisions\/2956"}],"up":[{"embeddable":true,"href":"https:\/\/revistamemoria.mx\/index.php?rest_route=\/wp\/v2\/pages\/50"}],"wp:attachment":[{"href":"https:\/\/revistamemoria.mx\/index.php?rest_route=%2Fwp%2Fv2%2Fmedia&parent=2939"}],"curies":[{"name":"wp","href":"https:\/\/api.w.org\/{rel}","templated":true}]}}