{"id":3582,"date":"2022-05-22T22:35:34","date_gmt":"2022-05-23T04:35:34","guid":{"rendered":"https:\/\/revistamemoria.mx\/?page_id=3582"},"modified":"2022-05-22T22:36:52","modified_gmt":"2022-05-23T04:36:52","slug":"memoria-279-280","status":"publish","type":"page","link":"https:\/\/revistamemoria.mx\/?page_id=3582","title":{"rendered":"MEMORIA 279-280"},"content":{"rendered":"\n<p class=\"has-text-align-right\"><strong>N\u00famero 279-280. A\u00f1o 2021-3<\/strong><\/p>\n\n\n\n<p class=\"has-huge-font-size\"><strong><span style=\"color:#5b258d\" class=\"has-inline-color\">1521-2021<\/span><\/strong><\/p>\n\n\n\n<p><strong><a href=\"https:\/\/revistamemoria.mx\/?p=3495\" data-type=\"post\" data-id=\"3495\">ALIANZAS POL\u00cdTICAS Y DIVERSIDAD CULTURAL. LA BATALLA POR M\u00c9XICO-TENOCHTITLAN<\/a><\/strong><br>ENRIQUE SEMO<\/p>\n\n\n\n<p><strong><a href=\"https:\/\/revistamemoria.mx\/?p=3493\" data-type=\"post\" data-id=\"3493\">DO\u00d1A MALINTZIN: LA TRANSMISORA DE LA PALABRA<\/a><\/strong><br>CLEMENTINA BATTCOCK<\/p>\n\n\n\n<p><strong><a href=\"https:\/\/revistamemoria.mx\/?p=3491\" data-type=\"post\" data-id=\"3491\">LOS L\u00cdMITES DEL ANTI RACISMO IDEALISTA<\/a><\/strong><br>GONZALO AMOZURRUTIA<\/p>\n\n\n\n<p><strong><a href=\"https:\/\/revistamemoria.mx\/?p=3489\" data-type=\"post\" data-id=\"3489\">M\u00c9XICO TENOCHTITLAN, 500 A\u00d1OS: M\u00c1S ALL\u00c1 DEL PERD\u00d3N<\/a><\/strong><br>MARIO RUIZ SOTELO<\/p>\n\n\n\n<p><strong><a href=\"https:\/\/revistamemoria.mx\/?p=3487\" data-type=\"post\" data-id=\"3487\">\u00bfD\u00d3NDE IREMOS AL FIN?<\/a><\/strong><br>JAIME MONTELL<\/p>\n\n\n\n<p class=\"has-text-color has-medium-font-size\" style=\"color:#5b258d\"><strong>M\u00c9XICO<\/strong><\/p>\n\n\n\n<p><strong><a href=\"https:\/\/revistamemoria.mx\/?p=3485\" data-type=\"post\" data-id=\"3485\">HISTORIA, POL\u00cdTICA Y PERD\u00d3N EN TIEMPOS DE LA 4T<\/a><\/strong><br>VICTOR HUGO PACHECO CH\u00c1VEZ<\/p>\n\n\n\n<p><strong><a href=\"https:\/\/revistamemoria.mx\/?p=3483\" data-type=\"post\" data-id=\"3483\">DIALOGAR CR\u00cdTICAMENTE LA&nbsp;<em>GU\u00cdA \u00c9TICA PARA LA TRANSFORMACI\u00d3N DE M\u00c9XICO<\/em><\/a><\/strong><br>LAURA HERN\u00c1NDEZ MART\u00cdNEZ<\/p>\n\n\n\n<p><strong><a href=\"https:\/\/revistamemoria.mx\/?p=3481\" data-type=\"post\" data-id=\"3481\">EL NECESARIO PERD\u00d3N<\/a><\/strong><br>PILAR CALVEIRO<\/p>\n\n\n\n<p class=\"has-text-color has-medium-font-size\" style=\"color:#5b258d\"><strong> AM\u00c9RICA LATINA<\/strong><\/p>\n\n\n\n<p><strong><a href=\"https:\/\/revistamemoria.mx\/?p=3479\" data-type=\"post\" data-id=\"3479\">LA PARADOJA DE CHAPULTEPEC: M\u00c1S ALL\u00c1 DEL INTEGRACIONISMO D\u00c9BIL<\/a><\/strong><br>LAUTARO RIVARA<\/p>\n\n\n\n<p><strong><a href=\"https:\/\/revistamemoria.mx\/?p=3477\" data-type=\"post\" data-id=\"3477\">LAS UTOP\u00cdAS DE AMLO SOBRE EL FUTURO DE LAS RELACIONES INTERAMERICANAS<\/a><\/strong><br>LUIS SU\u00c1REZ SALAZAR<\/p>\n\n\n\n<p class=\"has-text-color has-medium-font-size\" style=\"color:#5b258d\"><strong>MUNDO<\/strong><\/p>\n\n\n\n<p><strong><a href=\"https:\/\/revistamemoria.mx\/?p=3473\" data-type=\"post\" data-id=\"3473\">S\u00cdNTOMAS DEL CAPITAL<\/a><\/strong><br>LUIS PABLO L\u00d3PEZ-R\u00cdOS<\/p>\n\n\n\n<p><strong><a href=\"https:\/\/revistamemoria.mx\/?p=3471\" data-type=\"post\" data-id=\"3471\">DEMOCRACIA Y CABARET: LAS ELECCIONES ALEMANAS COMO PANTOMIMA<\/a><\/strong><br>JOS\u00c9 MAR\u00cdA DUR\u00c1N MEDRA\u00d1O<\/p>\n\n\n\n<p class=\"has-text-color has-medium-font-size\" style=\"color:#5b258d\"><strong>PENSAMIENTO CR\u00cdTICO<\/strong><\/p>\n\n\n\n<p><strong><a href=\"https:\/\/revistamemoria.mx\/?p=3469\" data-type=\"post\" data-id=\"3469\">REALISMO Y POL\u00cdTICA EN LA HUNGR\u00cdA SOCIALISTA. A PROP\u00d3SITO DE LUK\u00c1CS<\/a><\/strong><br>ANTONINO INFRANCA<\/p>\n\n\n\n<p><strong><a href=\"https:\/\/revistamemoria.mx\/?p=3467\" data-type=\"post\" data-id=\"3467\">LA PRAXIS POL\u00cdTICO-PEDAG\u00d3GICA DE PAULO FREIRE<\/a><\/strong><br>MOACIR GADOTTI<\/p>\n\n\n\n<p class=\"has-text-color has-medium-font-size\" style=\"color:#5b258d\"><strong>HACER MEMORIA<\/strong><\/p>\n\n\n\n<p><strong><a href=\"https:\/\/revistamemoria.mx\/?p=3465\" data-type=\"post\" data-id=\"3465\">FRANTZ FANON Y LA REVOLUCI\u00d3N EN AM\u00c9RICA LATINA<\/a><\/strong><br>ADOLFO GILLY<\/p>\n\n\n\n<p><strong><a href=\"https:\/\/revistamemoria.mx\/?p=3463\" data-type=\"post\" data-id=\"3463\">FRANTZ FANON. LENGUAS DE LA DESCOLONIZACI\u00d3N Y CONTRATO SOCIAL COLONIAL<\/a><\/strong><br>ALEJANDRO DE OTO<\/p>\n\n\n\n<p><strong><a href=\"https:\/\/revistamemoria.mx\/?p=3461\" data-type=\"post\" data-id=\"3461\">MIGUEL \u00c1NGEL VELASCO, UNA S\u00cdNTESIS DE SU TRAYECTORIA REVOLUCIONARIA<\/a><\/strong><br>JORGE ALONSO<\/p>\n\n\n\n<p><strong><a href=\"https:\/\/revistamemoria.mx\/?p=3443\" data-type=\"post\" data-id=\"3443\">LA MEMORIA EN DONDE ARD\u00cdA: LA VOCACIONAL 7 DEL INSTITUTO POLIT\u00c9CNICO NACIONAL DURANTE EL MOVIMIENTO ESTUDIANTIL DE 1968<\/a><\/strong><br>EDITH KURI PINEDA<\/p>\n\n\n\n<p class=\"has-text-color has-medium-font-size\" style=\"color:#5b258d\"><strong>CULTURA<\/strong><\/p>\n\n\n\n<p><strong><a href=\"https:\/\/revistamemoria.mx\/?p=3458\" data-type=\"post\" data-id=\"3458\">LA PL\u00c1STICA MEXICANA COMO CAMPO DE BATALLA EN LA GUERRA FR\u00cdA CULTURAL<\/a><\/strong><br>INDA S\u00c1ENZ<\/p>\n\n\n\n<p><strong><a href=\"https:\/\/revistamemoria.mx\/?p=3456\" data-type=\"post\" data-id=\"3456\">CONTRA EL NOMBRAMIENTO DEL DR. ENRIQUE CABRERO MENDOZA COMO INTEGRANTE DE LA JUNTA DE GOBIERNO DE LA UNAM<\/a><\/strong><br>COLECTIVO CON_CIENCIA CR\u00cdTICA<\/p>\n\n\n\n<p class=\"has-text-color has-medium-font-size\" style=\"color:#5b258d\"><strong>LIBRERO<\/strong><\/p>\n\n\n\n<p><strong><a href=\"https:\/\/revistamemoria.mx\/?p=3454\" data-type=\"post\" data-id=\"3454\">BREVE HISTORIA DE NUESTRO NEOLIBERALISMO. PODER Y CULTURA EN M\u00c9XICO<\/a><\/strong><br>HUGO NATERAS<\/p>\n\n\n\n<p><strong><a href=\"https:\/\/revistamemoria.mx\/?p=3450\" data-type=\"post\" data-id=\"3450\">LA BIBLIA Y EL DRON. SOBRE USOS Y ABUSOS DE FIGURAS B\u00cdBLICAS EN EL DISCURSO POL\u00cdTICO DE ISRAEL<\/a><\/strong><br>JUAN HEIBLUM Y RODRIGO WESCHE<\/p>\n\n\n\n<p><strong><a href=\"https:\/\/revistamemoria.mx\/?p=3452\" data-type=\"post\" data-id=\"3452\">\u201cEL CAPITAL\u201d DE MARX. AFIRMACI\u00d3N Y REPLANTEAMIENTO<\/a><\/strong><br>OSCAR MART\u00cdNEZ<\/p>\n","protected":false},"excerpt":{"rendered":"<p>N\u00famero 279-280. A\u00f1o 2021-3 1521-2021 ALIANZAS POL\u00cdTICAS Y DIVERSIDAD CULTURAL. LA BATALLA POR M\u00c9XICO-TENOCHTITLANENRIQUE SEMO DO\u00d1A MALINTZIN: LA TRANSMISORA DE LA PALABRACLEMENTINA BATTCOCK LOS L\u00cdMITES DEL ANTI RACISMO IDEALISTAGONZALO AMOZURRUTIA M\u00c9XICO TENOCHTITLAN, 500 A\u00d1OS: M\u00c1S ALL\u00c1 DEL PERD\u00d3NMARIO RUIZ SOTELO \u00bfD\u00d3NDE IREMOS AL FIN?JAIME MONTELL M\u00c9XICO HISTORIA, POL\u00cdTICA Y PERD\u00d3N EN TIEMPOS DE LA 4TVICTOR &#8230; <a title=\"MEMORIA 279-280\" class=\"read-more\" href=\"https:\/\/revistamemoria.mx\/?page_id=3582\" aria-label=\"Leer m\u00e1s sobre MEMORIA 279-280\">Leer m\u00e1s<\/a><\/p>\n","protected":false},"author":1,"featured_media":0,"parent":50,"menu_order":28,"comment_status":"closed","ping_status":"closed","template":"","meta":{"footnotes":""},"class_list":["post-3582","page","type-page","status-publish"],"_links":{"self":[{"href":"https:\/\/revistamemoria.mx\/index.php?rest_route=\/wp\/v2\/pages\/3582","targetHints":{"allow":["GET"]}}],"collection":[{"href":"https:\/\/revistamemoria.mx\/index.php?rest_route=\/wp\/v2\/pages"}],"about":[{"href":"https:\/\/revistamemoria.mx\/index.php?rest_route=\/wp\/v2\/types\/page"}],"author":[{"embeddable":true,"href":"https:\/\/revistamemoria.mx\/index.php?rest_route=\/wp\/v2\/users\/1"}],"replies":[{"embeddable":true,"href":"https:\/\/revistamemoria.mx\/index.php?rest_route=%2Fwp%2Fv2%2Fcomments&post=3582"}],"version-history":[{"count":1,"href":"https:\/\/revistamemoria.mx\/index.php?rest_route=\/wp\/v2\/pages\/3582\/revisions"}],"predecessor-version":[{"id":3583,"href":"https:\/\/revistamemoria.mx\/index.php?rest_route=\/wp\/v2\/pages\/3582\/revisions\/3583"}],"up":[{"embeddable":true,"href":"https:\/\/revistamemoria.mx\/index.php?rest_route=\/wp\/v2\/pages\/50"}],"wp:attachment":[{"href":"https:\/\/revistamemoria.mx\/index.php?rest_route=%2Fwp%2Fv2%2Fmedia&parent=3582"}],"curies":[{"name":"wp","href":"https:\/\/api.w.org\/{rel}","templated":true}]}}