{"id":4078,"date":"2024-06-19T21:12:43","date_gmt":"2024-06-20T03:12:43","guid":{"rendered":"https:\/\/revistamemoria.mx\/?page_id=4078"},"modified":"2024-06-19T21:14:13","modified_gmt":"2024-06-20T03:14:13","slug":"memoria-287","status":"publish","type":"page","link":"https:\/\/revistamemoria.mx\/?page_id=4078","title":{"rendered":"MEMORIA 287"},"content":{"rendered":"\n<p><strong>N\u00famero 287. A\u00f1o 2023-4<\/strong><\/p>\n\n\n<div class=\"wp-block-image\">\n<figure class=\"alignleft size-full\"><img loading=\"lazy\" decoding=\"async\" width=\"320\" height=\"415\" src=\"https:\/\/revistamemoria.mx\/wp-content\/uploads\/2023\/12\/Portada-web-1.png\" alt=\"\" class=\"wp-image-4026\" srcset=\"https:\/\/revistamemoria.mx\/wp-content\/uploads\/2023\/12\/Portada-web-1.png 320w, https:\/\/revistamemoria.mx\/wp-content\/uploads\/2023\/12\/Portada-web-1-231x300.png 231w\" sizes=\"auto, (max-width: 320px) 100vw, 320px\" \/><\/figure>\n<\/div>\n\n\n<p class=\"has-large-font-size\"><strong>M\u00c9XICO<\/strong><\/p>\n\n\n\n<p><strong><a href=\"https:\/\/revistamemoria.mx\/?p=4016\" data-type=\"post\" data-id=\"4016\">POR UN M\u00c9XICO DE PAZ Y JUSTICIA<\/a><\/strong><br>NADINE GASMAN<\/p>\n\n\n\n<p><a href=\"https:\/\/revistamemoria.mx\/?p=4014\" data-type=\"post\" data-id=\"4014\"><strong>SEGURIDAD, PAZ Y JUSTICIA<\/strong><br><\/a>ROSA ICELA RODR\u00cdGUEZ<\/p>\n\n\n\n<p><a href=\"https:\/\/revistamemoria.mx\/?p=4012\" data-type=\"post\" data-id=\"4012\"><strong>ELEMENTOS PARA COMPRENDER EL NEARSHORING<\/strong><br><\/a>CAROLINA HERN\u00c1NDEZ CALVARIO<\/p>\n\n\n\n<p><a href=\"https:\/\/revistamemoria.mx\/?p=4009\" data-type=\"post\" data-id=\"4009\"><strong>EL MODELO ECON\u00d3MICO DE LA 4T<\/strong><br><\/a>OSCAR DAVID ROJAS SILVA<\/p>\n\n\n\n<p><a href=\"https:\/\/revistamemoria.mx\/?p=4007\" data-type=\"post\" data-id=\"4007\"><strong>LA ECONOM\u00cdA DE LA 4T Y LA PLANIFICACI\u00d3N<\/strong><br><\/a>JONATAN ROMERO<\/p>\n\n\n\n<p><a href=\"https:\/\/revistamemoria.mx\/?p=4005\" data-type=\"post\" data-id=\"4005\"><strong>VISIBILIZANDO Y GESTIONANDO LA ECONOM\u00cdA SOCIAL Y SOLIDARIA<\/strong><br><\/a>DELIA PATRICIA COUTURIER BA\u00d1UELOS<\/p>\n\n\n\n<p><a href=\"https:\/\/revistamemoria.mx\/?p=4003\" data-type=\"post\" data-id=\"4003\"><strong>ECONOM\u00cdA SOCIAL Y SOLIDARIA COMO PRAXIS PEDAG\u00d3GICA<\/strong><br><\/a>RED ESPACIO DE ECONOM\u00cdA SOCIAL SOLIDARIA<\/p>\n\n\n\n<p><a href=\"https:\/\/revistamemoria.mx\/?p=4001\" data-type=\"post\" data-id=\"4001\"><strong>EL SERVICIO P\u00daBLICO DEL ESTADO DE BIENESTAR PLEBEYO DE LA 4T<\/strong><br><\/a>LUIS RODRIGO WESCHE LIRA<\/p>\n\n\n\n<p><a href=\"https:\/\/revistamemoria.mx\/?p=3999\" data-type=\"post\" data-id=\"3999\"><strong>EL VUELCO IDEOL\u00d3GICO DE LA SCJN EN EL SECTOR ENERG\u00c9TICO<\/strong><br><\/a>EDGAR GARC\u00cdA ALTAMIRANO<\/p>\n\n\n\n<p class=\"has-medium-font-size\"><strong>MUNDO<\/strong><\/p>\n\n\n\n<p><strong><a href=\"https:\/\/revistamemoria.mx\/?p=3997\" data-type=\"post\" data-id=\"3997\">UNA <em>TIERRA PROMETIDA<\/em> \u00bfPARA ENTERRAR A DIOS?<br><\/a><\/strong>SILVANA RABINOVICH<\/p>\n\n\n\n<p><a href=\"https:\/\/revistamemoria.mx\/?p=3995\" data-type=\"post\" data-id=\"3995\"><strong>GAZA Y LA SOMBRA DEL LEVIAT\u00c1N<\/strong><br><\/a>FEDERICO DONNER<\/p>\n\n\n\n<p class=\"has-medium-font-size\"><strong>AM\u00c9RICA LATINA<\/strong><\/p>\n\n\n\n<p><a href=\"https:\/\/revistamemoria.mx\/?p=3993\" data-type=\"post\" data-id=\"3993\"><strong>LOS DESAF\u00cdOS SUBNACIONALES DEL PROGRESISMO<\/strong><br><\/a>SANTIAGO PULIDO Y DANIEL BARRERA<\/p>\n\n\n\n<p><a href=\"https:\/\/revistamemoria.mx\/?p=3991\" data-type=\"post\" data-id=\"3991\"><strong>LA ESTREMECEDORA E IN\u00c9DITA REBELI\u00d3N EN GUATEMALA<\/strong><br><\/a>CARLOS FIGUEROA IBARRA<\/p>\n\n\n\n<p><a href=\"https:\/\/revistamemoria.mx\/?p=3989\" data-type=\"post\" data-id=\"3989\"><strong>EL CRISTIANISMO AL SERVICIO DEL NEOLIBERALISMO<\/strong><br><\/a>DAVID ANTONIO VILLANUEVA P\u00c9REZ<\/p>\n\n\n\n<p class=\"has-medium-font-size\"><strong>HACER MEMORIA<\/strong><\/p>\n\n\n\n<p><a href=\"https:\/\/revistamemoria.mx\/?p=3987\" data-type=\"post\" data-id=\"3987\"><strong>IXHUATEPEC: CONTRA EL OLVIDO Y EL RIESGO INDUSTRIAL<\/strong><br><\/a>MIGUEL \u00c1NGEL GOROSTIETA<\/p>\n\n\n\n<p><a href=\"https:\/\/revistamemoria.mx\/?p=3985\" data-type=\"post\" data-id=\"3985\"><strong>ADOLFO GILLY Y LA RAZ\u00d3N ROM\u00c1NTICA<\/strong><br><\/a>GERARDO \u00c1VALOS TENORIO<\/p>\n\n\n\n<p><a href=\"https:\/\/revistamemoria.mx\/?p=3983\" data-type=\"post\" data-id=\"3983\"><strong>ENRIQUE DUSSEL Y MARX EN TIEMPOS NEOLIBERALES<\/strong><br><\/a>N\u00c9STOR KOHAN<\/p>\n\n\n\n<p><a href=\"https:\/\/revistamemoria.mx\/?p=3979\" data-type=\"post\" data-id=\"3979\"><strong>UNA APROXIMACI\u00d3N A LA ECON\u00d3MICA DE LA LIBERACI\u00d3N DE ENRIQUE DUSSEL<\/strong><br><\/a>JOS\u00c9 FRANCISCO DESENTIS TORRES<\/p>\n\n\n\n<p class=\"has-medium-font-size\"><strong>PENSAMIENTO CR\u00cdTICO<\/strong><\/p>\n\n\n\n<p><a href=\"https:\/\/revistamemoria.mx\/?p=3975\" data-type=\"post\" data-id=\"3975\"><strong>EL ESTADO Y LA INSURRECCI\u00d3N<\/strong><br><\/a>BRUNO BOSTEELS<\/p>\n\n\n\n<p><a href=\"https:\/\/revistamemoria.mx\/?p=3973\" data-type=\"post\" data-id=\"3973\"><strong>EL IMAGINARIO SOCIALISTA REVISITADO<\/strong><br><\/a>ADRI\u00c1N VEL\u00c1ZQUEZ RAM\u00cdREZ<\/p>\n\n\n\n<p><a href=\"https:\/\/revistamemoria.mx\/?p=3971\" data-type=\"post\" data-id=\"3971\"><strong>MODELO L\u00d3GICO EN LA COSMOLOG\u00cdA SOVI\u00c9TICA DE ILI\u00c9NKOV<\/strong><br><\/a>ANDR\u00c9S PI\u00d1A<\/p>\n","protected":false},"excerpt":{"rendered":"<p>N\u00famero 287. A\u00f1o 2023-4 M\u00c9XICO POR UN M\u00c9XICO DE PAZ Y JUSTICIANADINE GASMAN SEGURIDAD, PAZ Y JUSTICIAROSA ICELA RODR\u00cdGUEZ ELEMENTOS PARA COMPRENDER EL NEARSHORINGCAROLINA HERN\u00c1NDEZ CALVARIO EL MODELO ECON\u00d3MICO DE LA 4TOSCAR DAVID ROJAS SILVA LA ECONOM\u00cdA DE LA 4T Y LA PLANIFICACI\u00d3NJONATAN ROMERO VISIBILIZANDO Y GESTIONANDO LA ECONOM\u00cdA SOCIAL Y SOLIDARIADELIA PATRICIA COUTURIER BA\u00d1UELOS &#8230; <a title=\"MEMORIA 287\" class=\"read-more\" href=\"https:\/\/revistamemoria.mx\/?page_id=4078\" aria-label=\"Leer m\u00e1s sobre MEMORIA 287\">Leer m\u00e1s<\/a><\/p>\n","protected":false},"author":1,"featured_media":0,"parent":50,"menu_order":35,"comment_status":"closed","ping_status":"closed","template":"","meta":{"footnotes":""},"class_list":["post-4078","page","type-page","status-publish"],"_links":{"self":[{"href":"https:\/\/revistamemoria.mx\/index.php?rest_route=\/wp\/v2\/pages\/4078","targetHints":{"allow":["GET"]}}],"collection":[{"href":"https:\/\/revistamemoria.mx\/index.php?rest_route=\/wp\/v2\/pages"}],"about":[{"href":"https:\/\/revistamemoria.mx\/index.php?rest_route=\/wp\/v2\/types\/page"}],"author":[{"embeddable":true,"href":"https:\/\/revistamemoria.mx\/index.php?rest_route=\/wp\/v2\/users\/1"}],"replies":[{"embeddable":true,"href":"https:\/\/revistamemoria.mx\/index.php?rest_route=%2Fwp%2Fv2%2Fcomments&post=4078"}],"version-history":[{"count":1,"href":"https:\/\/revistamemoria.mx\/index.php?rest_route=\/wp\/v2\/pages\/4078\/revisions"}],"predecessor-version":[{"id":4079,"href":"https:\/\/revistamemoria.mx\/index.php?rest_route=\/wp\/v2\/pages\/4078\/revisions\/4079"}],"up":[{"embeddable":true,"href":"https:\/\/revistamemoria.mx\/index.php?rest_route=\/wp\/v2\/pages\/50"}],"wp:attachment":[{"href":"https:\/\/revistamemoria.mx\/index.php?rest_route=%2Fwp%2Fv2%2Fmedia&parent=4078"}],"curies":[{"name":"wp","href":"https:\/\/api.w.org\/{rel}","templated":true}]}}